{"id":945,"date":"2023-09-09T12:48:07","date_gmt":"2023-09-09T12:48:07","guid":{"rendered":"http:\/\/kart-hornets.de\/?page_id=945"},"modified":"2023-09-09T13:21:32","modified_gmt":"2023-09-09T13:21:32","slug":"rennbericht-kirchlengern-andersherum-februar-2023","status":"publish","type":"page","link":"http:\/\/kart-hornets.de\/?page_id=945","title":{"rendered":"Rennbericht Kirchlengern andersherum Februar 2023"},"content":{"rendered":"\n<p>Kurz nach dem Jahreswechsel stand f\u00fcr die Kart-Hornets am 04.02.23 der achte Lauf der Saison auf dem Plan. Und es war ein Besonderer: Denn er sollte auf einer der unter den Teilnehmern beliebtesten Strecken in Kirchlengern stattfinden. Allerdings feierte besagte Strecke am Wettkampftag ihre Premiere in umgekehrte Fahrtrichtung, so dass sich alle Beteiligten mit einer v\u00f6llig neuen Herausforderung konfrontiert sahen. Das kalte Februarwetter, die Neuartigkeit des Streckenlayouts, auf dem kein Fahrer zuvor Testkilometer abspulen konnte, sowie die Tatsache, dass die beiden F\u00fchrenden in der Meisterschaft lediglich durch drei Punkte getrennt wurden, versprachen ein spannendes Rennen, als die zweite Saisonh\u00e4lfte allm\u00e4hlich Fahrt aufnahm.<\/p>\n\n\n\n<p><br>Die k\u00fchlen Temperaturen trugen trotz sonnigen Wetters zu erschwerten Streckenbedingungen bei: Die Fahrer bem\u00fchten sich bei rutschigen Verh\u00e4ltnissen das Gripniveau der Strecke bestm\u00f6glich zu erf\u00fchlen. Dar\u00fcber hinaus wurden einige davon \u00fcberrascht, wie anders sich das Layout in umgekehrter Fahrtrichtung fahrerisch anf\u00fchlen sollte. Christian musste das Rennen vom letzten Startplatz hinter Carsten in Angriff nehmen, der seinerseits von Udo auf den 13. Startplatz verwiesen wurde. In einem breit aufgestellten Fahrerfeld belegte Claas den elften Startplatz hinter Olli. Alex kam in seinem ersten Rennen nach seiner Rippenverletzung nicht \u00fcber Platz Neun hinaus und hatte beste Sicht auf das Heck von Ralf, der sein Kart auf dem achten Rang hinter Frank platzierte. Tobi und Kai qualifizierten sich auf den Pl\u00e4tzen Sechs und F\u00fcnf, w\u00e4hrend sich Norman den vierten Platz erk\u00e4mpfte, die Top Drei allerdings knapp verpasste. Er hatte das Nachsehen gegen\u00fcber Stephan, der in der Meisterschaft unter Zugzwang stand, aber den K\u00fcrzeren gegen\u00fcber Peter zog. Der Meisterschaftsleader wurde nur von Jannik geschlagen, der sich zu seiner Zufriedenheit den Platz an der Sonne sichern konnte.<br><\/p>\n\n\n\n<p>Alles war angerichtet f\u00fcr einen nervenaufreibenden achten Saisonlauf und nachdem das Rennen mit einem fliegenden Start freigegeben worden war, dauerte es nicht lange, bis die Fahrer feststellten, dass die Strecke in dieser Konfiguration durchaus einige \u00dcberholpunkte zu bieten hatte: Eine Startkollision zwischen Tobi und Kai wirbelte das Feld durcheinander, besonders im Mittelfeld tobten einige Positionsk\u00e4mpfe, w\u00e4hrend die Spitze schon fr\u00fch versuchte, Rei\u00dfaus zu nehmen. Ein Rennen, das im hinteren Bereich des Feldes eher unspektakul\u00e4r verlief, nahm in der zweiten Rennh\u00e4lfte Fahrt auf, als sich sowohl an der Spitze als auch im Mittelfeld kleinere Kampfgruppen bildeten. Ein Trio bestehend aus Frank, Alex und Olli, das von Ersterem angef\u00fchrt wurde, k\u00e4mpfte um die f\u00fcnfte Position, nachdem die drei zu den Nutznie\u00dfern des Startget\u00fcmmels geworden waren. Etwas weiter vorne konnte sich Norman gegen Stephan durchsetzen und fortan eine L\u00fccke nach hinten aufrei\u00dfen, ohne aber in der Lage zu sein, das Spitzenduo unter Druck zu setzen. Jannik und Peter machten aus dem Kampf um den Sieg eine Privatangelegenheit und tauschten mehrfach die Pl\u00e4tze. Im hinteren Bereich des Feldes blieb die Reihenfolge bis zum Ende eingefroren: Christian, Carsten, Udo und Claas kamen auf den Pl\u00e4tzen Vierzehn bis Elf ins Ziel. Tobi schaffte es davor nicht mehr, sich von der Startkollision zu erholen und musste sich mit Platz Zehn begn\u00fcgen. Im Kampf um Platz F\u00fcnf biss sich Alex die Z\u00e4hne an Franks routinierter Verteidigung aus. Einen leichten Kontakt zwischen den beiden nutzte Olli aus, um Franks erster Verfolger zu werden. Die Scharm\u00fctzel auf der Strecke, bei der alle Beteiligten wertvolle Zeit verloren, brachte Kai sowie Ralf mit auf die Agenda: Ralf robbte sich mit konstanten Rundenzeiten immer weiter an die vorausfahrenden Fahrer heran, w\u00e4hrend Kai sich von dem Zwischenfall am Start rehabilitieren konnte und in gro\u00dfen Schritten aufholte. Beide erwischten Alex auf dem falschen Fu\u00df und schl\u00fcpften durch. Alex fuhr im Anschluss einen aggressiven Konter gegen Ralf und gab den achten Platz bis zum Zieleinlauf nicht mehr her. Olli fand wie schon Alex zuvor keinen Weg an Frank vorbei. Davon konnte Kai, der noch nicht aufgesteckt hatte, profitieren und k\u00e4mpfte sich auf den sechsten Platz nach vorne, nachdem er sich vorher schon gegen Ralf und Alex durchsetzen konnte. Bis zum Schluss setzte er Frank immensem Druck aus. Dieser behielt jedoch bis zur schwarz-wei\u00df karierten Flagge einen k\u00fchlen Kopf und rettete den f\u00fcnften Platz \u00fcber die Linie. Der Pr\u00e4si hatte im Gegensatz dazu einen verh\u00e4ltnism\u00e4\u00dfig ruhigen Samstagnachmittag und fuhr Platz Vier hinter Norman ein, der ein weiteres Podium f\u00fcr sich verbuchen konnte. Im Kampf um den Sieg hatte Peter nach einem erbitterten Schlagabtausch, der das ganze Rennen \u00fcberdauerte, mit all seiner Erfahrung das bessere Ende f\u00fcr sich und beendete ein ereignisreiches Rennen vor Jannik als strahlender Sieger.<br><\/p>\n\n\n\n<p>Sein Sieg im direkten Schlagabtausch mit Jannik beschert Peter weitere 20 Punkte. Damit erh\u00f6ht er die Anzahl seiner Meisterschaftspunkte auf 123 und setzt sich damit etwas von Norman ab. Nach Verrechnung der Streichergebnisse kann die Pl\u00e4te 115 Z\u00e4hler verbuchen. Stephan befindet sich als amtierender Champion mit einem Punktekonto in H\u00f6he von 104 immer noch in Lauerstellung. Mit vier verbleibenden Saisonrennen zeichnet sich jedoch allm\u00e4hlich ein Zweikampf um die Krone ab.<\/p>\n","protected":false},"excerpt":{"rendered":"<p>Kurz nach dem Jahreswechsel stand f\u00fcr die Kart-Hornets am 04.02.23 der achte Lauf der Saison auf dem Plan. Und es war ein Besonderer: Denn er sollte auf einer der unter den Teilnehmern beliebtesten Strecken in Kirchlengern stattfinden. Allerdings feierte besagte Strecke am Wettkampftag ihre Premiere in umgekehrte Fahrtrichtung, so dass sich alle Beteiligten mit einer &hellip; <a href=\"http:\/\/kart-hornets.de\/?page_id=945\" class=\"more-link\"><span class=\"screen-reader-text\">Rennbericht Kirchlengern andersherum Februar 2023<\/span> weiterlesen <span class=\"meta-nav\">&rarr;<\/span><\/a><\/p>\n","protected":false},"author":1,"featured_media":0,"parent":0,"menu_order":0,"comment_status":"closed","ping_status":"closed","template":"","meta":{"jetpack_post_was_ever_published":false,"footnotes":""},"class_list":["post-945","page","type-page","status-publish","hentry"],"jetpack_sharing_enabled":true,"jetpack_shortlink":"https:\/\/wp.me\/PaboIV-ff","_links":{"self":[{"href":"http:\/\/kart-hornets.de\/index.php?rest_route=\/wp\/v2\/pages\/945","targetHints":{"allow":["GET"]}}],"collection":[{"href":"http:\/\/kart-hornets.de\/index.php?rest_route=\/wp\/v2\/pages"}],"about":[{"href":"http:\/\/kart-hornets.de\/index.php?rest_route=\/wp\/v2\/types\/page"}],"author":[{"embeddable":true,"href":"http:\/\/kart-hornets.de\/index.php?rest_route=\/wp\/v2\/users\/1"}],"replies":[{"embeddable":true,"href":"http:\/\/kart-hornets.de\/index.php?rest_route=%2Fwp%2Fv2%2Fcomments&post=945"}],"version-history":[{"count":1,"href":"http:\/\/kart-hornets.de\/index.php?rest_route=\/wp\/v2\/pages\/945\/revisions"}],"predecessor-version":[{"id":946,"href":"http:\/\/kart-hornets.de\/index.php?rest_route=\/wp\/v2\/pages\/945\/revisions\/946"}],"wp:attachment":[{"href":"http:\/\/kart-hornets.de\/index.php?rest_route=%2Fwp%2Fv2%2Fmedia&parent=945"}],"curies":[{"name":"wp","href":"https:\/\/api.w.org\/{rel}","templated":true}]}}